{"id":14534,"date":"2021-12-14T11:10:52","date_gmt":"2021-12-14T10:10:52","guid":{"rendered":"https:\/\/www.servethecity.brussels\/?post_type=mw_event&#038;p=14534"},"modified":"2022-01-26T12:49:44","modified_gmt":"2022-01-26T11:49:44","slug":"big-volunteer-day-fevrier","status":"publish","type":"mw_event","link":"https:\/\/www.servethecity.brussels\/fr\/events\/big-volunteer-day-fevrier\/","title":{"rendered":"Big Volunteer Day F\u00e9vrier"},"content":{"rendered":"<div class=\"wpb-content-wrapper\">[vc_row fullwidth=\u00a0\u00bbtrue\u00a0\u00bb][vc_column][vc_single_image image=\u00a0\u00bb4067&Prime; img_size=\u00a0\u00bbfull\u00a0\u00bb alignment=\u00a0\u00bbcenter\u00a0\u00bb][\/vc_column][\/vc_row][vc_row][vc_column][vc_column_text css=\u00a0\u00bb.vc_custom_1639476615427{margin-bottom: 0px !important;}\u00a0\u00bb]\n<h3>Rejoignez-nous pour notre grande journ\u00e9e du b\u00e9n\u00e9volat, ce samedi 5 f\u00e9vrier.<\/h3>\n<h4><em>Devenez un b\u00e9n\u00e9vole de Serve the City pendant une journ\u00e9e ! <\/em><\/h4>\n<p>Une fois par mois, Serve the City organise une grande journ\u00e9e du b\u00e9n\u00e9volat, enti\u00e8rement consacr\u00e9e au service. Lors de cet \u00e9v\u00e9nement, vous pourrez d\u00e9couvrir nos projets et vous porter volontaire pour aider les personnes dans le besoin. <strong>Choisissez le projet qui vous pla\u00eet dans la liste ci-dessous et inscrivez-vous en utilisant ServeNow pour participer !<\/strong><\/p>\n<p>N&rsquo;utilisez-vous pas encore ServeNow ?\u00a0<a href=\"https:\/\/www.servenow.app\/\" target=\"_blank\" rel=\"noopener\"> T\u00c9L\u00c9CHARGEZ-LE ICI<\/a>[\/vc_column_text][\/vc_column][\/vc_row][vc_row][vc_column][mk_message_box type=\u00a0\u00bbwarning-message\u00a0\u00bb]Si vous vous sentez malade ou avez des sympt\u00f4mes reli\u00e9s au COVID-19, nous vous demandons gentiment de rester \u00e0 la maison.[\/mk_message_box][\/vc_column][\/vc_row][vc_row][vc_column][vc_separator color=\u00a0\u00bbcustom\u00a0\u00bb align=\u00a0\u00bbalign_left\u00a0\u00bb border_width=\u00a0\u00bb4&Prime; el_width=\u00a0\u00bb10&Prime; accent_color=\u00a0\u00bb#009edc\u00a0\u00bb][mk_fancy_title font_family=\u00a0\u00bbnone\u00a0\u00bb]<strong>Possibilit\u00e9s de b\u00e9n\u00e9volat disponibles<\/strong>[\/mk_fancy_title][vc_row_inner][vc_column_inner width=\u00a0\u00bb1\/3&Prime;][vc_hoverbox image=\u00a0\u00bb14700&Prime; primary_title=\u00a0\u00bb\u00a0\u00bb hover_title=\u00a0\u00bb\u00a0\u00bb]Aidez Petites S\u0153urs de Pauvres, un ordre de religieuses qui fournit un logement, des repas et bien plus encore \u00e0 100 personnes \u00e2g\u00e9es dans les Marolles, \u00e0 poursuivre leur incroyable travail. L&rsquo;\u00e9quipe de cuisine a besoin de l&rsquo;aide de 3 volontaires pour aider \u00e0 la pr\u00e9paration des repas. Ensuite, les volontaires aideront \u00e0 l&rsquo;entretien de la r\u00e9sidence avant d&rsquo;aider \u00e0 distribuer la nourriture que vous avez pr\u00e9par\u00e9e ![\/vc_hoverbox][vc_empty_space][vc_hoverbox image=\u00a0\u00bb14715&Prime; primary_title=\u00a0\u00bb\u00a0\u00bb hover_title=\u00a0\u00bb\u00a0\u00bb]Victor du Pre, un centre d&rsquo;accueil pour des femmes et des femmes avec enfants en situation vuln\u00e9rable, recherche des b\u00e9n\u00e9voles pour passer un apr\u00e8s-midi amusant et plein d&rsquo;activit\u00e9s avec les enfants qui s\u00e9journent au centre ! Une petite \u00e9quipe de b\u00e9n\u00e9voles organisera diff\u00e9rentes activit\u00e9s pour les enfants, notamment des travaux manuels et des jeux de soci\u00e9t\u00e9. Venez nous aider \u00e0 mettre un sourire sur le visage des enfants ![\/vc_hoverbox][\/vc_column_inner][vc_column_inner width=\u00a0\u00bb1\/3&Prime;][vc_hoverbox image=\u00a0\u00bb14703&Prime; primary_title=\u00a0\u00bb\u00a0\u00bb hover_title=\u00a0\u00bb\u00a0\u00bb]La Porte d&rsquo;Ulysse est un centre d&rsquo;h\u00e9bergement pour r\u00e9fugi\u00e9s et transmigrants sans abri g\u00e9r\u00e9 par la Plateforme Citoyenne de Soutien aux R\u00e9fugi\u00e9s (BXL Refugees). Des volontaires sont recherch\u00e9s pour aider \u00e0 trier des v\u00eatements et aider \u00e0 la distribution de nourriture de midi. En tant que volontaire, votre aide est extr\u00eamement pr\u00e9cieuse car le centre est presque enti\u00e8rement g\u00e9r\u00e9 par des volontaires ![\/vc_hoverbox][vc_empty_space][vc_hoverbox image=\u00a0\u00bb14718&Prime; primary_title=\u00a0\u00bb\u00a0\u00bb hover_title=\u00a0\u00bb\u00a0\u00bb]Aidez Petites Soeurs de Pauvres, un ordre de religieuses g\u00e9rant un centre h\u00e9bergeant plus de 100 personnes \u00e2g\u00e9es dans le quartier des Marolles, \u00e0 poursuivre leur formidable travail. Des volontaires sont recherch\u00e9s pour donner un coup de main lors de la distribution d&rsquo;un go\u00fbter et aider \u00e0 la mise en place d&rsquo;un concert. Pour de nombreux r\u00e9sidents \u00e2g\u00e9s, ces \u00e9v\u00e9nements sont le point culminant de leur semaine.[\/vc_hoverbox][\/vc_column_inner][vc_column_inner width=\u00a0\u00bb1\/3&Prime;][vc_hoverbox image=\u00a0\u00bb14712&Prime; primary_title=\u00a0\u00bb\u00a0\u00bb hover_title=\u00a0\u00bb\u00a0\u00bb]Rejoignez nos \u00e9quipes Sandwich et parcourez la ville \u00e0 pied tout en pratiquant la bont\u00e9 ! Nos \u00e9quipes rencontreront nos voisins sans-abri et leur distribueront des sandwichs et des articles utiles. Mais elles auront aussi l&rsquo;occasion de discuter avec eux et de savoir ce dont ils ont besoin pour la prochaine fois ! Veuillez porter des v\u00eatements adapt\u00e9s au temps, des chaussures confortables et apporter une carte STIB.[\/vc_hoverbox][\/vc_column_inner][\/vc_row_inner][vc_empty_space][\/vc_column][\/vc_row][vc_row][vc_column][vc_separator color=\u00a0\u00bbcustom\u00a0\u00bb align=\u00a0\u00bbalign_left\u00a0\u00bb border_width=\u00a0\u00bb4&Prime; el_width=\u00a0\u00bb10&Prime; accent_color=\u00a0\u00bb#009edc\u00a0\u00bb][mk_fancy_title font_family=\u00a0\u00bbnone\u00a0\u00bb]<strong>Comment s&rsquo;inscrire<\/strong>[\/mk_fancy_title][vc_row_inner][vc_column_inner width=\u00a0\u00bb1\/4&Prime;][\/vc_column_inner][vc_column_inner width=\u00a0\u00bb1\/2&Prime;][mk_swipe_slideshow images=\u00a0\u00bb13873,13716,13731,13661,13664,13976,13676,13793&Prime; image_size=\u00a0\u00bbfull\u00a0\u00bb][\/vc_column_inner][vc_column_inner width=\u00a0\u00bb1\/4&Prime;][\/vc_column_inner][\/vc_row_inner][\/vc_column][\/vc_row]\n<\/div>","protected":false},"excerpt":{"rendered":"<p>[vc_row fullwidth=\u00a0\u00bbtrue\u00a0\u00bb][vc_column][vc_single_image image=\u00a0\u00bb4067&Prime; img_size=\u00a0\u00bbfull\u00a0\u00bb alignment=\u00a0\u00bbcenter\u00a0\u00bb][\/vc_column][\/vc_row][vc_row][vc_column][vc_column_text css=\u00a0\u00bb.vc_custom_1639476615427{margin-bottom: 0px !important;}\u00a0\u00bb] Rejoignez-nous pour notre grande journ\u00e9e du b\u00e9n\u00e9volat, ce samedi 5 f\u00e9vrier. Devenez un b\u00e9n\u00e9vole de Serve the City pendant une journ\u00e9e ! Une fois par mois, Serve the City organise une grande journ\u00e9e du b\u00e9n\u00e9volat, enti\u00e8rement consacr\u00e9e au service. Lors de cet \u00e9v\u00e9nement, vous pourrez d\u00e9couvrir nos [&hellip;]<\/p>\n","protected":false},"featured_media":4068,"template":"","meta":{"_crdt_document":"","_links_to":"","_links_to_target":""},"class_list":["post-14534","mw_event","type-mw_event","status-publish","has-post-thumbnail","hentry","mw_event_category-sustainability-fr","mw_event_category-volunteer-fr"],"mw_event_startdate":false,"mw_event_enddate":false,"mw_event_location_address":false,"mw_event_location_name":false,"mw_event_full":false,"mw_event_sf":false,"_links":{"self":[{"href":"https:\/\/www.servethecity.brussels\/fr\/wp-json\/wp\/v2\/mw_event\/14534","targetHints":{"allow":["GET"]}}],"collection":[{"href":"https:\/\/www.servethecity.brussels\/fr\/wp-json\/wp\/v2\/mw_event"}],"about":[{"href":"https:\/\/www.servethecity.brussels\/fr\/wp-json\/wp\/v2\/types\/mw_event"}],"version-history":[{"count":0,"href":"https:\/\/www.servethecity.brussels\/fr\/wp-json\/wp\/v2\/mw_event\/14534\/revisions"}],"wp:featuredmedia":[{"embeddable":true,"href":"https:\/\/www.servethecity.brussels\/fr\/wp-json\/wp\/v2\/media\/4068"}],"wp:attachment":[{"href":"https:\/\/www.servethecity.brussels\/fr\/wp-json\/wp\/v2\/media?parent=14534"}],"curies":[{"name":"wp","href":"https:\/\/api.w.org\/{rel}","templated":true}]}}