{"id":3750,"date":"2017-10-21T12:31:47","date_gmt":"2017-10-21T10:31:47","guid":{"rendered":"https:\/\/www.servethecity.brussels\/projects\/lilot\/"},"modified":"2019-09-25T11:24:20","modified_gmt":"2019-09-25T09:24:20","slug":"lilot","status":"publish","type":"mw_project","link":"https:\/\/www.servethecity.brussels\/fr\/projects\/lilot\/","title":{"rendered":"L\u2019\u00celot"},"content":{"rendered":"<p>Nous recherchons plusieurs b\u00e9n\u00e9voles r\u00e9guliers pour notre projet hebdomadaire \u00e0 l\u2019\u00celot, \u00e0 Ixelles.<\/p>\n<p>L\u2019\u00eelot est une cellule de crise temporaire pour les personnes ayant des difficult\u00e9s financi\u00e8res, les victimes d\u2019abus, les demandeurs d\u2019asile, et ceux qui luttent contre une d\u00e9pendance. Nous proposons des activit\u00e9s \u00e0 faire avec les r\u00e9sidents tous les mercredis soirs \u00e0 20h00. La connaissance de la langue fran\u00e7aise est essentielle.<\/p>\n","protected":false},"excerpt":{"rendered":"<p>Nous recherchons plusieurs b\u00e9n\u00e9voles r\u00e9guliers pour notre projet hebdomadaire \u00e0 l\u2019\u00celot, \u00e0 Ixelles. L\u2019\u00eelot est une cellule de crise temporaire pour les personnes ayant des difficult\u00e9s financi\u00e8res, les victimes d\u2019abus, les demandeurs d\u2019asile, et ceux qui luttent contre une d\u00e9pendance. Nous proposons des activit\u00e9s \u00e0 faire avec les r\u00e9sidents tous les mercredis soirs \u00e0 20h00. [&hellip;]<\/p>\n","protected":false},"featured_media":3399,"template":"","meta":{"_crdt_document":"","_links_to":"","_links_to_target":""},"class_list":["post-3750","mw_project","type-mw_project","status-publish","has-post-thumbnail","hentry","mw_project_tags-socialising-fr"],"_links":{"self":[{"href":"https:\/\/www.servethecity.brussels\/fr\/wp-json\/wp\/v2\/mw_project\/3750","targetHints":{"allow":["GET"]}}],"collection":[{"href":"https:\/\/www.servethecity.brussels\/fr\/wp-json\/wp\/v2\/mw_project"}],"about":[{"href":"https:\/\/www.servethecity.brussels\/fr\/wp-json\/wp\/v2\/types\/mw_project"}],"version-history":[{"count":0,"href":"https:\/\/www.servethecity.brussels\/fr\/wp-json\/wp\/v2\/mw_project\/3750\/revisions"}],"wp:featuredmedia":[{"embeddable":true,"href":"https:\/\/www.servethecity.brussels\/fr\/wp-json\/wp\/v2\/media\/3399"}],"wp:attachment":[{"href":"https:\/\/www.servethecity.brussels\/fr\/wp-json\/wp\/v2\/media?parent=3750"}],"curies":[{"name":"wp","href":"https:\/\/api.w.org\/{rel}","templated":true}]}}